{"id":455,"date":"2026-02-01T11:42:05","date_gmt":"2026-02-01T11:42:05","guid":{"rendered":"https:\/\/www.sofia-und-thomas.ch\/eveniment\/"},"modified":"2026-02-15T19:58:57","modified_gmt":"2026-02-15T19:58:57","slug":"eveniment","status":"publish","type":"page","link":"https:\/\/www.sofia-und-thomas.ch\/ro\/eveniment\/","title":{"rendered":"Eveniment"},"content":{"rendered":"\n<h2>Cod vestimentar<\/h2>\n\n<div class=\"wp-block-media-text is-stacked-on-mobile\" style=\"grid-template-columns:21% auto\"><figure class=\"wp-block-media-text__media\"><img loading=\"lazy\" decoding=\"async\" width=\"894\" height=\"1024\" src=\"https:\/\/www.sofia-und-thomas.ch\/wp-content\/uploads\/2026\/02\/d98db6e6-6de3-4b73-97d0-91d4408f2c02-894x1024.jpg\" alt=\"\" class=\"wp-image-293 size-full\" srcset=\"https:\/\/www.sofia-und-thomas.ch\/wp-content\/uploads\/2026\/02\/d98db6e6-6de3-4b73-97d0-91d4408f2c02-894x1024.jpg 894w, https:\/\/www.sofia-und-thomas.ch\/wp-content\/uploads\/2026\/02\/d98db6e6-6de3-4b73-97d0-91d4408f2c02-262x300.jpg 262w, https:\/\/www.sofia-und-thomas.ch\/wp-content\/uploads\/2026\/02\/d98db6e6-6de3-4b73-97d0-91d4408f2c02-768x880.jpg 768w, https:\/\/www.sofia-und-thomas.ch\/wp-content\/uploads\/2026\/02\/d98db6e6-6de3-4b73-97d0-91d4408f2c02-1341x1536.jpg 1341w, https:\/\/www.sofia-und-thomas.ch\/wp-content\/uploads\/2026\/02\/d98db6e6-6de3-4b73-97d0-91d4408f2c02.jpg 1397w\" sizes=\"auto, (max-width: 894px) 100vw, 894px\" \/><\/figure><div class=\"wp-block-media-text__content\">\n<p>Pentru nunta noastr\u0103, ne dorim un look de var\u0103 elegant \u0219i romantic. \u021aes\u0103turi u\u0219oare, culori deschise \u0219i o imagine de ansamblu stilat\u0103 se potrivesc perfect evenimentului nostru. Elegant, dar nu rigid \u2013 de var\u0103, dar festiv. A\u0219a cum v\u0103 sim\u021bi\u021bi voi mai bine.<br\/><\/p>\n<\/div><\/div>\n\n<div class=\"wp-block-media-text has-media-on-the-right is-stacked-on-mobile\" style=\"grid-template-columns:auto 24%\"><div class=\"wp-block-media-text__content\">\n<p>Loca\u021bia evenimentului are un teren stabil, pentru doamnele care doresc s\u0103 poarte pantofi cu toc. Pentru cin\u0103, vom fi \u00eentr-un mediu cu temperatur\u0103 controlat\u0103. Nu avem un concept de culoare \u2013 sus\u021binem alegere liber\u0103 a culorilor.<\/p>\n<\/div><figure class=\"wp-block-media-text__media\"><img loading=\"lazy\" decoding=\"async\" width=\"768\" height=\"1024\" src=\"https:\/\/www.sofia-und-thomas.ch\/wp-content\/uploads\/2026\/02\/e005c95d-4d66-4af5-b91f-43b4ff7cb7bc-768x1024.jpg\" alt=\"\" class=\"wp-image-294 size-full\" srcset=\"https:\/\/www.sofia-und-thomas.ch\/wp-content\/uploads\/2026\/02\/e005c95d-4d66-4af5-b91f-43b4ff7cb7bc-768x1024.jpg 768w, https:\/\/www.sofia-und-thomas.ch\/wp-content\/uploads\/2026\/02\/e005c95d-4d66-4af5-b91f-43b4ff7cb7bc-225x300.jpg 225w, https:\/\/www.sofia-und-thomas.ch\/wp-content\/uploads\/2026\/02\/e005c95d-4d66-4af5-b91f-43b4ff7cb7bc-1152x1536.jpg 1152w, https:\/\/www.sofia-und-thomas.ch\/wp-content\/uploads\/2026\/02\/e005c95d-4d66-4af5-b91f-43b4ff7cb7bc.jpg 1536w\" sizes=\"auto, (max-width: 768px) 100vw, 768px\" \/><\/figure><\/div>\n\n<h2>Cadouri<\/h2>\n\n<p><strong>Cadouri? Le avem deja \u2013 pe voi!<\/strong><br\/>Faptul c\u0103 c\u0103l\u0103tori\u021bi pentru nunta noastr\u0103 este departe de a fi de la sine \u00een\u021beles.<br\/>Cine dore\u0219te s\u0103 ne fac\u0103 o bucurie \u00een plus, poate contribui, cu mare drag, la petrecerea noastr\u0103 sau la luna de miere cu o mic\u0103 sum\u0103.<\/p>\n\n<p>Propor\u021bional, accept\u0103m \u0219i ceva pentru urm\u0103toarele cheltuieli viitoare:<\/p>\n\n<ol class=\"wp-block-list\">\n<li>&#8211; Petrecerea de nunt\u0103 cu voi<\/li>\n\n\n\n<li>&#8211; Ma\u0219in\u0103 <\/li>\n\n\n\n<li>&#8211; Cas\u0103 (deja in proiect) \ud83d\ude0a<\/li>\n\n\n\n<li>&#8211; Avion (cabina de pilotaj exist\u0103) \ud83d\ude0a<\/li>\n\n\n\n<li>&#8211; Elicopter \ud83d\ude0a<\/li>\n<\/ol>\n\n<p>Cine dore\u0219te s\u0103 ne sus\u021bin\u0103, poate \u201einvesti\u201d aici:<br\/>IBAN: CH21 0844 0261 4087 1200 1<br\/>Banc\u0103: ZAK Cler<br\/><\/p>\n","protected":false},"excerpt":{"rendered":"<p>Pentru nunta noastr\u0103, ne dorim un look de var\u0103 elegant \u0219i romantic. \u021aes\u0103turi u\u0219oare, culori deschise \u0219i o imagine de ansamblu stilat\u0103 se potrivesc perfect evenimentului nostru. Elegant, dar nu rigid \u2013 de var\u0103, dar festiv. A\u0219a cum v\u0103 sim\u021bi\u021bi voi mai bine. Loca\u021bia evenimentului are un teren stabil, pentru doamnele care doresc s\u0103 poarte<\/p>\n","protected":false},"author":1,"featured_media":0,"parent":0,"menu_order":0,"comment_status":"closed","ping_status":"closed","template":"","meta":{"pagelayer_contact_templates":[],"_pagelayer_content":"","footnotes":""},"class_list":["post-455","page","type-page","status-publish","hentry"],"_links":{"self":[{"href":"https:\/\/www.sofia-und-thomas.ch\/ro\/wp-json\/wp\/v2\/pages\/455","targetHints":{"allow":["GET"]}}],"collection":[{"href":"https:\/\/www.sofia-und-thomas.ch\/ro\/wp-json\/wp\/v2\/pages"}],"about":[{"href":"https:\/\/www.sofia-und-thomas.ch\/ro\/wp-json\/wp\/v2\/types\/page"}],"author":[{"embeddable":true,"href":"https:\/\/www.sofia-und-thomas.ch\/ro\/wp-json\/wp\/v2\/users\/1"}],"replies":[{"embeddable":true,"href":"https:\/\/www.sofia-und-thomas.ch\/ro\/wp-json\/wp\/v2\/comments?post=455"}],"version-history":[{"count":6,"href":"https:\/\/www.sofia-und-thomas.ch\/ro\/wp-json\/wp\/v2\/pages\/455\/revisions"}],"predecessor-version":[{"id":608,"href":"https:\/\/www.sofia-und-thomas.ch\/ro\/wp-json\/wp\/v2\/pages\/455\/revisions\/608"}],"wp:attachment":[{"href":"https:\/\/www.sofia-und-thomas.ch\/ro\/wp-json\/wp\/v2\/media?parent=455"}],"curies":[{"name":"wp","href":"https:\/\/api.w.org\/{rel}","templated":true}]}}